{"id":27,"date":"2019-05-21T10:39:05","date_gmt":"2019-05-21T07:39:05","guid":{"rendered":"http:\/\/prfarge.com.tr\/?page_id=27"},"modified":"2020-11-18T10:49:16","modified_gmt":"2020-11-18T07:49:16","slug":"kurumsal","status":"publish","type":"page","link":"https:\/\/www.prfarge.com.tr\/tr\/kurumsal\/","title":{"rendered":"Kurumsal"},"content":{"rendered":"<div id=\"pl-27\"  class=\"panel-layout\" ><div id=\"pg-27-0\"  class=\"panel-grid panel-no-style\" ><div id=\"pgc-27-0-0\"  class=\"panel-grid-cell\" ><div id=\"panel-27-0-0-0\" class=\"so-panel widget widget_sow-editor panel-first-child panel-last-child\" data-index=\"0\" ><div\n\t\t\t\n\t\t\tclass=\"so-widget-sow-editor so-widget-sow-editor-base\"\n\t\t\t\n\t\t>\n<div class=\"siteorigin-widget-tinymce textwidget\">\n\t<h1><strong>HAKKIMIZDA<\/strong><\/h1>\n<p>2013 y\u0131l\u0131nda kurulmu\u015f olan PRF-ARGE,; Profesyonel, G\u00fc\u00e7l\u00fc, Hassas RF gereksinimlere \u00e7\u00f6z\u00fcm \u00fcreten bir kurulu\u015ftur.<br \/>\nKurucusu Orta Do\u011fu Teknik \u00dcniversitesi Elektrik Elektronik B\u00f6l\u00fcm\u00fc \u00d6\u011fretim \u00dcyesi Prof. Dr. \u015eim\u015fek DEM\u0130R\u2019dir. Bu y\u00f6n\u00fcyle PRF; deneyimli kadrosunun yan\u0131 s\u0131ra akademik bilgi birikimine dayanan; ara\u015ft\u0131rma ve geli\u015ftirmeyi yarat\u0131c\u0131 \u00e7\u00f6z\u00fcmler ve interdisipliner yakla\u015f\u0131m\u0131 ile birlikte teknoloji ve akademiyi birle\u015ftirerek kullanan ve bunun Ar-ge ye sa\u011flad\u0131\u011f\u0131 katma de\u011ferin \u00f6nemini kavram\u0131\u015f bir firmad\u0131r.<br \/>\nPRF devre eleman\u0131 seviyesinden sistem seviyesine,<br \/>\n\u2022 Tasar\u0131m<br \/>\n\u2022 Prototip \u00fcretim<br \/>\n\u2022 \u00d6l\u00e7\u00fcm<br \/>\n\u2022 Karakterizasyon<br \/>\n\u2022 Kalifikasyon<br \/>\n\u2022 Seri \u00fcretim yapmaktad\u0131r.<\/p>\n<\/div>\n<\/div><\/div><\/div><div id=\"pgc-27-0-1\"  class=\"panel-grid-cell\" ><div id=\"panel-27-0-1-0\" class=\"so-panel widget widget_sow-image panel-first-child panel-last-child\" data-index=\"1\" ><div\n\t\t\t\n\t\t\tclass=\"so-widget-sow-image so-widget-sow-image-default-c67d20f9f743-27\"\n\t\t\t\n\t\t>\n<div class=\"sow-image-container\">\n\t\t<img \n\tsrc=\"https:\/\/www.prfarge.com.tr\/tr\/wp-content\/uploads\/2019\/05\/logoy.png\" width=\"1051\" height=\"600\" srcset=\"https:\/\/www.prfarge.com.tr\/tr\/wp-content\/uploads\/2019\/05\/logoy.png 1051w, https:\/\/www.prfarge.com.tr\/tr\/wp-content\/uploads\/2019\/05\/logoy-300x171.png 300w, https:\/\/www.prfarge.com.tr\/tr\/wp-content\/uploads\/2019\/05\/logoy-768x438.png 768w, https:\/\/www.prfarge.com.tr\/tr\/wp-content\/uploads\/2019\/05\/logoy-1024x585.png 1024w\" sizes=\"(max-width: 1051px) 100vw, 1051px\" alt=\"\" \t\tclass=\"so-widget-image\"\/>\n\t<\/div>\n\n<\/div><\/div><\/div><\/div><div id=\"pg-27-1\"  class=\"panel-grid panel-no-style\" ><div id=\"pgc-27-1-0\"  class=\"panel-grid-cell\" ><div id=\"panel-27-1-0-0\" class=\"so-panel widget widget_sow-editor panel-first-child panel-last-child\" data-index=\"2\" ><div\n\t\t\t\n\t\t\tclass=\"so-widget-sow-editor so-widget-sow-editor-base\"\n\t\t\t\n\t\t>\n<div class=\"siteorigin-widget-tinymce textwidget\">\n\t<p>Frekans spektrumunda HF b\u00f6lgesinden milimetrik dalgalara (1MHz\u2019ten THz\u2019e kadar) uygulamalar sunmaktad\u0131r. Firmada kurulu \u00f6l\u00e7\u00fcm ve \u00fcretim altyap\u0131s\u0131 K band\u0131na kadar mevcut olmakla beraber daha y\u00fcksek frekansl\u0131 uygulamalar i\u00e7in \u00fcretim ve \u00f6l\u00e7\u00fcm ama\u00e7l\u0131 i\u015f birlikleri yapt\u0131\u011f\u0131 kurumlar mevcuttur.<br \/>\nUygulama alan\u0131 olarak;<br \/>\n\u2022 Haberle\u015fme sistemleri<br \/>\n\u2022 Uydu ve aviyonik sistemleri<br \/>\n\u2022 G\u00fcvenlik sistemleri<br \/>\n\u2022 Sivil ve Askeri elektronik sistemleri<br \/>\n\u00f6n plana \u00e7\u0131kmakla beraber biyomedikal alg\u0131lama ve g\u00f6r\u00fcnt\u00fcleme sistemlerinden, anten eleman\u0131 ve anten dizisi tasar\u0131m\u0131na kadar deneyimleri bulunmaktad\u0131r<\/p>\n<\/div>\n<\/div><\/div><\/div><\/div><div id=\"pg-27-2\"  class=\"panel-grid panel-no-style\" ><div id=\"pgc-27-2-0\"  class=\"panel-grid-cell\" ><div id=\"panel-27-2-0-0\" class=\"so-panel widget widget_sow-editor panel-first-child panel-last-child\" data-index=\"3\" ><div\n\t\t\t\n\t\t\tclass=\"so-widget-sow-editor so-widget-sow-editor-base\"\n\t\t\t\n\t\t>\n<div class=\"siteorigin-widget-tinymce textwidget\">\n\t<h1><strong>KAL\u0130TE POL\u0130T\u0130KAMIZ<\/strong><\/h1>\n<p>TS EN ISO 9001:2015 Kalite Y\u00f6netim Sistemi ile faaliyetlerimizin her a\u015famas\u0131nda \u00fcr\u00fcn kalitemizi artt\u0131rmak amac\u0131 ile;<br \/>\n\u2022 Yasal \u015fartlara uyumu,<br \/>\n\u2022 S\u00fcrekli iyile\u015ftirmeyi,<br \/>\n\u2022 M\u00fc\u015fteri memnuniyetini,<br \/>\n\u2022 \u00c7al\u0131\u015fanlar aras\u0131nda kar\u015f\u0131l\u0131kl\u0131 g\u00fcven, sayg\u0131, sevgi anlay\u0131\u015f\u0131 ve ileti\u015fimi geli\u015ftirerek huzurlu bir i\u015f ortam\u0131 sa\u011flamay\u0131,<br \/>\n\u2022 T\u00fcm s\u00fcre\u00e7lerde, m\u00fc\u015fterinin ihtiya\u00e7 ve beklentilerini tam olarak kar\u015f\u0131layan bir anlay\u0131\u015f i\u00e7inde g\u00fcvenilir olmay\u0131,<br \/>\n\u2022 Sekt\u00f6re ait teknolojik geli\u015fmeleri yak\u0131ndan takip etmeyi ve uygulamay\u0131,<br \/>\n\u2022 Sorunlara en h\u0131zl\u0131 ve verimli \u015fekilde tak\u0131m ruhu ile disiplinli ve ilgili yakla\u015fmay\u0131,<br \/>\n\u2022 Kalite sistemleri \u00e7er\u00e7evesinde t\u00fcm \u00e7al\u0131\u015fanlar\u0131n daha yetkin ve yeteneklerini en \u00fcst seviyede kullanabilen ki\u015filer haline gelmeleri i\u00e7in ekip \u00e7al\u0131\u015fmas\u0131na \u00f6nem vererek kalite d\u00fczeyini s\u00fcrekli y\u00fckseltmeyi<br \/>\nkalite politikas\u0131 olarak taahh\u00fct ederiz. <\/p>\n<\/div>\n<\/div><\/div><\/div><\/div><div id=\"pg-27-3\"  class=\"panel-grid panel-no-style\" ><div id=\"pgc-27-3-0\"  class=\"panel-grid-cell\" ><div id=\"panel-27-3-0-0\" class=\"so-panel widget widget_sow-image panel-first-child panel-last-child\" data-index=\"4\" ><div\n\t\t\t\n\t\t\tclass=\"so-widget-sow-image so-widget-sow-image-default-113ccd71f3e6-27\"\n\t\t\t\n\t\t><h3 class=\"widget-title\">PCA_ISO-9001-2015 Belgesi TR<\/h3>\n<div class=\"sow-image-container\">\n\t\t\t<a href=\"http:\/\/www.prfarge.com.tr\/tr\/wp-content\/uploads\/2020\/11\/PCA_ISO-9001-2015-Belgesi_TR_20201028.pdf\"\n\t\t\t\t\t>\n\t\t\t<img \n\tsrc=\"https:\/\/www.prfarge.com.tr\/tr\/wp-content\/uploads\/2020\/11\/PCA_ISO-9001-2015-Belgesi_TR_20201028-page-001-212x300.jpg\" width=\"212\" height=\"300\" srcset=\"https:\/\/www.prfarge.com.tr\/tr\/wp-content\/uploads\/2020\/11\/PCA_ISO-9001-2015-Belgesi_TR_20201028-page-001-212x300.jpg 212w, https:\/\/www.prfarge.com.tr\/tr\/wp-content\/uploads\/2020\/11\/PCA_ISO-9001-2015-Belgesi_TR_20201028-page-001-725x1024.jpg 725w, https:\/\/www.prfarge.com.tr\/tr\/wp-content\/uploads\/2020\/11\/PCA_ISO-9001-2015-Belgesi_TR_20201028-page-001-768x1085.jpg 768w, https:\/\/www.prfarge.com.tr\/tr\/wp-content\/uploads\/2020\/11\/PCA_ISO-9001-2015-Belgesi_TR_20201028-page-001-1088x1536.jpg 1088w, https:\/\/www.prfarge.com.tr\/tr\/wp-content\/uploads\/2020\/11\/PCA_ISO-9001-2015-Belgesi_TR_20201028-page-001.jpg 1242w\" sizes=\"(max-width: 212px) 100vw, 212px\" title=\"PCA_ISO-9001-2015 Belgesi TR\" alt=\"\" \t\tclass=\"so-widget-image\"\/>\n\t\t\t<\/a><\/div>\n\n<\/div><\/div><\/div><div id=\"pgc-27-3-1\"  class=\"panel-grid-cell\" ><div id=\"panel-27-3-1-0\" class=\"so-panel widget widget_sow-image panel-first-child panel-last-child\" data-index=\"5\" ><div\n\t\t\t\n\t\t\tclass=\"so-widget-sow-image so-widget-sow-image-default-113ccd71f3e6-27\"\n\t\t\t\n\t\t><h3 class=\"widget-title\">PCA_ISO-9001-2015 Belgesi ENG<\/h3>\n<div class=\"sow-image-container\">\n\t\t\t<a href=\"http:\/\/www.prfarge.com.tr\/tr\/wp-content\/uploads\/2020\/11\/PCA_ISO-9001-2015-Belgesi_ENG_20201028.pdf\"\n\t\t\t\t\t>\n\t\t\t<img \n\tsrc=\"https:\/\/www.prfarge.com.tr\/tr\/wp-content\/uploads\/2020\/11\/PCA_ISO-9001-2015-Belgesi_ENG_20201028-page-001-212x300.jpg\" width=\"212\" height=\"300\" srcset=\"https:\/\/www.prfarge.com.tr\/tr\/wp-content\/uploads\/2020\/11\/PCA_ISO-9001-2015-Belgesi_ENG_20201028-page-001-212x300.jpg 212w, https:\/\/www.prfarge.com.tr\/tr\/wp-content\/uploads\/2020\/11\/PCA_ISO-9001-2015-Belgesi_ENG_20201028-page-001-725x1024.jpg 725w, https:\/\/www.prfarge.com.tr\/tr\/wp-content\/uploads\/2020\/11\/PCA_ISO-9001-2015-Belgesi_ENG_20201028-page-001-768x1085.jpg 768w, https:\/\/www.prfarge.com.tr\/tr\/wp-content\/uploads\/2020\/11\/PCA_ISO-9001-2015-Belgesi_ENG_20201028-page-001-1088x1536.jpg 1088w, https:\/\/www.prfarge.com.tr\/tr\/wp-content\/uploads\/2020\/11\/PCA_ISO-9001-2015-Belgesi_ENG_20201028-page-001.jpg 1242w\" sizes=\"(max-width: 212px) 100vw, 212px\" title=\"PCA_ISO-9001-2015 Belgesi ENG\" alt=\"\" \t\tclass=\"so-widget-image\"\/>\n\t\t\t<\/a><\/div>\n\n<\/div><\/div><\/div><\/div><div id=\"pg-27-4\"  class=\"panel-grid panel-no-style\" ><div id=\"pgc-27-4-0\"  class=\"panel-grid-cell\" ><div id=\"panel-27-4-0-0\" class=\"so-panel widget widget_sow-image panel-first-child panel-last-child\" data-index=\"6\" ><div\n\t\t\t\n\t\t\tclass=\"so-widget-sow-image so-widget-sow-image-default-8b5b6f678277-27\"\n\t\t\t\n\t\t>\n<div class=\"sow-image-container\">\n\t\t<img \n\tsrc=\"https:\/\/www.prfarge.com.tr\/tr\/wp-content\/uploads\/2019\/05\/IMG-20181126-WA0016.jpg\" width=\"1600\" height=\"1600\" srcset=\"https:\/\/www.prfarge.com.tr\/tr\/wp-content\/uploads\/2019\/05\/IMG-20181126-WA0016.jpg 1600w, https:\/\/www.prfarge.com.tr\/tr\/wp-content\/uploads\/2019\/05\/IMG-20181126-WA0016-150x150.jpg 150w, https:\/\/www.prfarge.com.tr\/tr\/wp-content\/uploads\/2019\/05\/IMG-20181126-WA0016-300x300.jpg 300w, https:\/\/www.prfarge.com.tr\/tr\/wp-content\/uploads\/2019\/05\/IMG-20181126-WA0016-768x768.jpg 768w, https:\/\/www.prfarge.com.tr\/tr\/wp-content\/uploads\/2019\/05\/IMG-20181126-WA0016-1024x1024.jpg 1024w\" sizes=\"(max-width: 1600px) 100vw, 1600px\" alt=\"\" \t\tclass=\"so-widget-image\"\/>\n\t<\/div>\n\n<\/div><\/div><\/div><div id=\"pgc-27-4-1\"  class=\"panel-grid-cell\" ><div id=\"panel-27-4-1-0\" class=\"so-panel widget widget_sow-image panel-first-child panel-last-child\" data-index=\"7\" ><div\n\t\t\t\n\t\t\tclass=\"so-widget-sow-image so-widget-sow-image-default-8b5b6f678277-27\"\n\t\t\t\n\t\t>\n<div class=\"sow-image-container\">\n\t\t<img \n\tsrc=\"https:\/\/www.prfarge.com.tr\/tr\/wp-content\/uploads\/2019\/05\/IMG-20181126-WA0016.jpg\" width=\"1600\" height=\"1600\" srcset=\"https:\/\/www.prfarge.com.tr\/tr\/wp-content\/uploads\/2019\/05\/IMG-20181126-WA0016.jpg 1600w, https:\/\/www.prfarge.com.tr\/tr\/wp-content\/uploads\/2019\/05\/IMG-20181126-WA0016-150x150.jpg 150w, https:\/\/www.prfarge.com.tr\/tr\/wp-content\/uploads\/2019\/05\/IMG-20181126-WA0016-300x300.jpg 300w, https:\/\/www.prfarge.com.tr\/tr\/wp-content\/uploads\/2019\/05\/IMG-20181126-WA0016-768x768.jpg 768w, https:\/\/www.prfarge.com.tr\/tr\/wp-content\/uploads\/2019\/05\/IMG-20181126-WA0016-1024x1024.jpg 1024w\" sizes=\"(max-width: 1600px) 100vw, 1600px\" alt=\"\" \t\tclass=\"so-widget-image\"\/>\n\t<\/div>\n\n<\/div><\/div><\/div><\/div><div id=\"pg-27-5\"  class=\"panel-grid panel-no-style\" ><div id=\"pgc-27-5-0\"  class=\"panel-grid-cell\" ><div id=\"panel-27-5-0-0\" class=\"so-panel widget widget_sow-image panel-first-child panel-last-child\" data-index=\"8\" ><div\n\t\t\t\n\t\t\tclass=\"so-widget-sow-image so-widget-sow-image-default-8b5b6f678277-27\"\n\t\t\t\n\t\t>\n<div class=\"sow-image-container\">\n\t\t<img \n\tsrc=\"https:\/\/www.prfarge.com.tr\/tr\/wp-content\/uploads\/2019\/05\/IMG-20181126-WA0016.jpg\" width=\"1600\" height=\"1600\" srcset=\"https:\/\/www.prfarge.com.tr\/tr\/wp-content\/uploads\/2019\/05\/IMG-20181126-WA0016.jpg 1600w, https:\/\/www.prfarge.com.tr\/tr\/wp-content\/uploads\/2019\/05\/IMG-20181126-WA0016-150x150.jpg 150w, https:\/\/www.prfarge.com.tr\/tr\/wp-content\/uploads\/2019\/05\/IMG-20181126-WA0016-300x300.jpg 300w, https:\/\/www.prfarge.com.tr\/tr\/wp-content\/uploads\/2019\/05\/IMG-20181126-WA0016-768x768.jpg 768w, https:\/\/www.prfarge.com.tr\/tr\/wp-content\/uploads\/2019\/05\/IMG-20181126-WA0016-1024x1024.jpg 1024w\" sizes=\"(max-width: 1600px) 100vw, 1600px\" alt=\"\" \t\tclass=\"so-widget-image\"\/>\n\t<\/div>\n\n<\/div><\/div><\/div><div id=\"pgc-27-5-1\"  class=\"panel-grid-cell\" ><div id=\"panel-27-5-1-0\" class=\"so-panel widget widget_sow-image panel-first-child panel-last-child\" data-index=\"9\" ><div\n\t\t\t\n\t\t\tclass=\"so-widget-sow-image so-widget-sow-image-default-8b5b6f678277-27\"\n\t\t\t\n\t\t>\n<div class=\"sow-image-container\">\n\t\t<img \n\tsrc=\"https:\/\/www.prfarge.com.tr\/tr\/wp-content\/uploads\/2019\/05\/IMG-20181126-WA0016.jpg\" width=\"1600\" height=\"1600\" srcset=\"https:\/\/www.prfarge.com.tr\/tr\/wp-content\/uploads\/2019\/05\/IMG-20181126-WA0016.jpg 1600w, https:\/\/www.prfarge.com.tr\/tr\/wp-content\/uploads\/2019\/05\/IMG-20181126-WA0016-150x150.jpg 150w, https:\/\/www.prfarge.com.tr\/tr\/wp-content\/uploads\/2019\/05\/IMG-20181126-WA0016-300x300.jpg 300w, https:\/\/www.prfarge.com.tr\/tr\/wp-content\/uploads\/2019\/05\/IMG-20181126-WA0016-768x768.jpg 768w, https:\/\/www.prfarge.com.tr\/tr\/wp-content\/uploads\/2019\/05\/IMG-20181126-WA0016-1024x1024.jpg 1024w\" sizes=\"(max-width: 1600px) 100vw, 1600px\" alt=\"\" \t\tclass=\"so-widget-image\"\/>\n\t<\/div>\n\n<\/div><\/div><\/div><div id=\"pgc-27-5-2\"  class=\"panel-grid-cell\" ><div id=\"panel-27-5-2-0\" class=\"so-panel widget widget_sow-image panel-first-child panel-last-child\" data-index=\"10\" ><div\n\t\t\t\n\t\t\tclass=\"so-widget-sow-image so-widget-sow-image-default-8b5b6f678277-27\"\n\t\t\t\n\t\t>\n<div class=\"sow-image-container\">\n\t\t<img \n\tsrc=\"https:\/\/www.prfarge.com.tr\/tr\/wp-content\/uploads\/2019\/05\/IMG-20181126-WA0016.jpg\" width=\"1600\" height=\"1600\" srcset=\"https:\/\/www.prfarge.com.tr\/tr\/wp-content\/uploads\/2019\/05\/IMG-20181126-WA0016.jpg 1600w, https:\/\/www.prfarge.com.tr\/tr\/wp-content\/uploads\/2019\/05\/IMG-20181126-WA0016-150x150.jpg 150w, https:\/\/www.prfarge.com.tr\/tr\/wp-content\/uploads\/2019\/05\/IMG-20181126-WA0016-300x300.jpg 300w, https:\/\/www.prfarge.com.tr\/tr\/wp-content\/uploads\/2019\/05\/IMG-20181126-WA0016-768x768.jpg 768w, https:\/\/www.prfarge.com.tr\/tr\/wp-content\/uploads\/2019\/05\/IMG-20181126-WA0016-1024x1024.jpg 1024w\" sizes=\"(max-width: 1600px) 100vw, 1600px\" alt=\"\" \t\tclass=\"so-widget-image\"\/>\n\t<\/div>\n\n<\/div><\/div><\/div><\/div><\/div>","protected":false},"excerpt":{"rendered":"<p>HAKKIMIZDA 2013 y\u0131l\u0131nda kurulmu\u015f olan PRF-ARGE,; Profesyonel, G\u00fc\u00e7l\u00fc, Hassas RF gereksinimlere \u00e7\u00f6z\u00fcm \u00fcreten bir kurulu\u015ftur. Kurucusu Orta Do\u011fu Teknik \u00dcniversitesi Elektrik Elektronik B\u00f6l\u00fcm\u00fc \u00d6\u011fretim \u00dcyesi Prof. Dr. \u015eim\u015fek DEM\u0130R\u2019dir. Bu y\u00f6n\u00fcyle PRF; deneyimli kadrosunun yan\u0131 s\u0131ra akademik bilgi birikimine dayanan; ara\u015ft\u0131rma ve geli\u015ftirmeyi yarat\u0131c\u0131 \u00e7\u00f6z\u00fcmler ve interdisipliner yakla\u015f\u0131m\u0131 ile birlikte teknoloji ve akademiyi birle\u015ftirerek kullanan [&hellip;]<\/p>\n","protected":false},"author":1,"featured_media":0,"parent":0,"menu_order":0,"comment_status":"closed","ping_status":"closed","template":"","meta":{"footnotes":""},"class_list":["post-27","page","type-page","status-publish","hentry"],"_links":{"self":[{"href":"https:\/\/www.prfarge.com.tr\/tr\/wp-json\/wp\/v2\/pages\/27"}],"collection":[{"href":"https:\/\/www.prfarge.com.tr\/tr\/wp-json\/wp\/v2\/pages"}],"about":[{"href":"https:\/\/www.prfarge.com.tr\/tr\/wp-json\/wp\/v2\/types\/page"}],"author":[{"embeddable":true,"href":"https:\/\/www.prfarge.com.tr\/tr\/wp-json\/wp\/v2\/users\/1"}],"replies":[{"embeddable":true,"href":"https:\/\/www.prfarge.com.tr\/tr\/wp-json\/wp\/v2\/comments?post=27"}],"version-history":[{"count":45,"href":"https:\/\/www.prfarge.com.tr\/tr\/wp-json\/wp\/v2\/pages\/27\/revisions"}],"predecessor-version":[{"id":188,"href":"https:\/\/www.prfarge.com.tr\/tr\/wp-json\/wp\/v2\/pages\/27\/revisions\/188"}],"wp:attachment":[{"href":"https:\/\/www.prfarge.com.tr\/tr\/wp-json\/wp\/v2\/media?parent=27"}],"curies":[{"name":"wp","href":"https:\/\/api.w.org\/{rel}","templated":true}]}}